{"id":29,"date":"2019-01-16T20:37:21","date_gmt":"2019-01-16T19:37:21","guid":{"rendered":"http:\/\/ifrath.fr\/jcjc2025\/?page_id=29"},"modified":"2025-06-03T11:08:41","modified_gmt":"2025-06-03T09:08:41","slug":"programme","status":"publish","type":"page","link":"https:\/\/ifrath.fr\/jcjc2025\/programme\/","title":{"rendered":"Programme"},"content":{"rendered":"\r\n<p><strong>Programme en version PDF : <a href=\"http:\/\/ifrath.fr\/jcjc2025\/wp-content\/uploads\/sites\/15\/2025\/06\/programme_jcjc25.pdf\">programme JCJC 2025<\/a><\/strong><\/p>\r\n\r\n<p>Format des pr\u00e9sentations : 15 minutes de pr\u00e9sentation orale (avec slides) suivies de 5 minutes de questions-r\u00e9ponses<\/p>\r\n\r\n<table><colgroup> <col style=\"width: 20%\"> <col style=\"width: 80%\"> <\/colgroup>\r\n<tbody>\r\n<tr>\r\n<td><b>9:00 &#8211; 9:40<\/b><\/td>\r\n<td><i>Accueil \u2013 Caf\u00e9<\/i><\/td>\r\n<\/tr>\r\n<tr>\r\n<td colspan=\"2\">&nbsp;<\/td>\r\n<\/tr>\r\n<tr>\r\n<td><b>9:40 &#8211; 9:50<\/b><\/td>\r\n<td>\r\n<p><i>Ouverture du colloque :<\/i> G\u00e9rard Uzan, pr\u00e9sident de l&rsquo;IFRATH, et Guy Bourhis, pr\u00e9sident du comit\u00e9 scientifique<\/p>\r\n<\/td>\r\n<\/tr>\r\n<tr>\r\n<td colspan=\"2\">&nbsp;<\/td>\r\n<\/tr>\r\n<tr>\r\n<td colspan=\"2\">\r\n<h3 class=\"western\" lang=\"fr-FR\" align=\"justify\"><span lang=\"fr-FR\" style=\"font-family: Calibri, serif\"><b>Session invit\u00e9 1<\/b><\/span><\/h3>\r\n<p class=\"western\" lang=\"fr-FR\" align=\"justify\"><span lang=\"fr-FR\" style=\"font-family: Calibri, serif\"><i>Mod\u00e9rateur : Jaime Lopez-Krahe<\/i><\/span><\/p>\r\n<\/td>\r\n<\/tr>\r\n<tr>\r\n<td><b>09:50 &#8211; 10:35<\/b><\/td>\r\n<td>\r\n<p class=\"western\" lang=\"fr-FR\" align=\"justify\"><span lang=\"fr-FR\" style=\"font-family: Calibri, serif\"><i>Catherine Pelachaud<\/i><\/span><\/p>\r\n<\/td>\r\n<\/tr>\r\n<tr>\r\n<td colspan=\"2\">\r\n<p class=\"western\" lang=\"fr-FR\" align=\"justify\">Agents Socialement Interactifs : communication et adaptation<\/p>\r\n<\/td>\r\n<\/tr>\r\n<tr>\r\n<td><b>10:35 &#8211; 10:45<\/b><\/td>\r\n<td><i>Pause-caf\u00e9<\/i><\/td>\r\n<\/tr>\r\n<tr>\r\n<td colspan=\"2\">&nbsp;<\/td>\r\n<\/tr>\r\n<tr>\r\n<td colspan=\"2\">\r\n<h3 class=\"western\" lang=\"fr-FR\" align=\"justify\"><span lang=\"fr-FR\" style=\"font-family: Calibri, serif\"><b>Session 1 : Analyse de la marche et robotique<\/b><\/span><\/h3>\r\n<p class=\"western\" lang=\"fr-FR\" align=\"justify\"><span lang=\"fr-FR\" style=\"font-family: Calibri, serif\"><i>Mod\u00e9rateur :&nbsp; Salvatore Anzalone<\/i><\/span><\/p>\r\n<\/td>\r\n<\/tr>\r\n<tr>\r\n<td><b>10:45 &#8211; 11:05<\/b><\/td>\r\n<td>\r\n<p class=\"western\" lang=\"fr-FR\" align=\"justify\"><span lang=\"fr-FR\" style=\"font-family: Calibri, serif\"> <i>Kaoutar El Ghabi, Fr\u00e9d\u00e9ric Bousefsaf, Clint Hansen, Yann Mor\u00e8re<\/i> <\/span><\/p>\r\n<\/td>\r\n<\/tr>\r\n<tr>\r\n<td colspan=\"2\">\r\n<p class=\"western\" lang=\"fr-FR\" align=\"justify\">Apprentissage par transfert sur des repr\u00e9sentations temps-fr\u00e9quence des signaux IMU pour \u00e9valuer la mobilit\u00e9 chez les patients \u00e2g\u00e9s<\/p>\r\n<\/td>\r\n<\/tr>\r\n<tr>\r\n<td colspan=\"2\">&nbsp;<\/td>\r\n<\/tr>\r\n<tr>\r\n<td><b>11:10 &#8211; 11:30<\/b><\/td>\r\n<td>\r\n<p class=\"western\" lang=\"fr-FR\" align=\"justify\"><span lang=\"fr-FR\" style=\"font-family: Calibri, serif\"> <i>Th\u00e9o Vancanneyt, Camille Le Moal, Maxence Blard, Juliette Lenoir, Nicolas Roche, C\u00e9line Bonnyaud, Fabien Dubois<\/i> <\/span><\/p>\r\n<\/td>\r\n<\/tr>\r\n<tr>\r\n<td colspan=\"2\">\r\n<p class=\"western\" lang=\"fr-FR\" align=\"justify\">Un algorithme 3D polyvalent pour la d\u00e9tection automatique des \u00e9v\u00e9nements de la marche<\/p>\r\n<\/td>\r\n<\/tr>\r\n<tr>\r\n<td colspan=\"2\">&nbsp;<\/td>\r\n<\/tr>\r\n<tr>\r\n<td><b>11:35 &#8211; 11:55<\/b><\/td>\r\n<td>\r\n<p class=\"western\" lang=\"fr-FR\" align=\"justify\"><span lang=\"fr-FR\" style=\"font-family: Calibri, serif\"> <i>Maxime Manzano, Ma\u00ebl Gallois, Sylvain Gu\u00e9gan, Ronan Le Breton, Louise Devigne, Marie Babel<\/i> <\/span><\/p>\r\n<\/td>\r\n<\/tr>\r\n<tr>\r\n<td colspan=\"2\">\r\n<p class=\"western\" lang=\"en-EN\" align=\"justify\">Enhancing the Usability of Upper-Limb Assistive Robots with a Variable Admittance Controller<\/p>\r\n<\/td>\r\n<\/tr>\r\n<tr>\r\n<td colspan=\"2\">\r\n<p>&nbsp;<\/p>\r\n<h3 class=\"western\" lang=\"fr-FR\" align=\"justify\"><span style=\"font-family: Calibri, serif\"><span lang=\"fr-FR\"><b>Session 2 : Accessibilit\u00e9 num\u00e9rique<\/b><\/span><\/span><\/h3>\r\n<p class=\"western\" lang=\"fr-FR\" align=\"justify\"><span style=\"font-family: Calibri, serif\"><span lang=\"fr-FR\"><i>Mod\u00e9rateur :&nbsp; Johana Bodard<\/i><\/span><\/span><\/p>\r\n<\/td>\r\n<\/tr>\r\n<tr>\r\n<td><b>12:00 &#8211; 12:20<\/b><\/td>\r\n<td>\r\n<p class=\"western\" lang=\"fr-FR\" align=\"justify\"><span lang=\"fr-FR\" style=\"font-family: Calibri, serif\"> <i>Allan Di Rosa, J\u00e9r\u00f4me Dupire, Olivier Pons<\/i> <\/span><\/p>\r\n<\/td>\r\n<\/tr>\r\n<tr>\r\n<td colspan=\"2\">\r\n<p class=\"western\" lang=\"fr-FR\" align=\"justify\">\u00c9tat des lieux de la mise en place de l&rsquo;accessibilit\u00e9 dans les studios de jeux vid\u00e9o fran\u00e7ais<\/p>\r\n<\/td>\r\n<\/tr>\r\n<tr>\r\n<td colspan=\"2\">&nbsp;<\/td>\r\n<\/tr>\r\n<tr>\r\n<td><b>12:25 &#8211; 12:45<\/b><\/td>\r\n<td>\r\n<p class=\"western\" lang=\"fr-FR\" align=\"justify\"><span lang=\"fr-FR\" style=\"font-family: Calibri, serif\"> <i>Manpreet Kour, Gaetan Hains, Karine Gros, Mohamed Saber<\/i> <\/span><\/p>\r\n<\/td>\r\n<\/tr>\r\n<tr>\r\n<td colspan=\"2\">\r\n<p class=\"western\" lang=\"en-EN\" align=\"justify\">Enhancing Diagram Comprehension for the Blind or Visually Impaired : A Multimodal Approach<\/p>\r\n<\/td>\r\n<\/tr>\r\n<tr>\r\n<td colspan=\"2\">&nbsp;<\/td>\r\n<\/tr>\r\n<tr>\r\n<td><b>12:45 &#8211; 14:00<\/b><\/td>\r\n<td><i>Buffet \u2013 pause m\u00e9ridienne<\/i><\/td>\r\n<\/tr>\r\n<tr>\r\n<td colspan=\"2\">&nbsp;<\/td>\r\n<\/tr>\r\n<tr>\r\n<td colspan=\"2\">\r\n<h3 class=\"western\" lang=\"fr-FR\" align=\"justify\"><span lang=\"fr-FR\" style=\"font-family: Calibri, serif\"><b>Session invit\u00e9 2<\/b><\/span><\/h3>\r\n<p class=\"western\" lang=\"fr-FR\" align=\"justify\"><span lang=\"fr-FR\" style=\"font-family: Calibri, serif\"><i>Mod\u00e9rateur : Dominique Archambault<\/i><\/span><\/p>\r\n<\/td>\r\n<\/tr>\r\n<tr>\r\n<td><b>14:00 &#8211; 14:45<\/b><\/td>\r\n<td>\r\n<p class=\"western\" lang=\"fr-FR\" align=\"justify\"><span lang=\"fr-FR\" style=\"font-family: Calibri, serif\"><i>Lorenzo Desideri<\/i><\/span><\/p>\r\n<\/td>\r\n<\/tr>\r\n<tr>\r\n<td colspan=\"2\">\r\n<p class=\"western\" lang=\"en-EN\" align=\"justify\">What a Difference a Socially Assistive Robot Makes: Bridging Research and Practice to Support Inclusive Education and Disability Services<\/p>\r\n<\/td>\r\n<\/tr>\r\n<tr>\r\n<td colspan=\"2\">\r\n<h3 class=\"western\" lang=\"fr-FR\" align=\"justify\"><span lang=\"fr-FR\" style=\"font-family: Calibri, serif\"><b>Session 3 : Fauteuil \u00e9lectrique<\/b><\/span><\/h3>\r\n<p class=\"western\" lang=\"fr-FR\" align=\"justify\"><span lang=\"fr-FR\" style=\"font-family: Calibri, serif\"><i>Mod\u00e9rateur : Yann Mor\u00e8re<\/i><\/span><\/p>\r\n<\/td>\r\n<\/tr>\r\n<tr>\r\n<td><b>14:50 &#8211; 15:10<\/b><\/td>\r\n<td>\r\n<p class=\"western\" lang=\"fr-FR\" align=\"justify\"><span lang=\"fr-FR\" style=\"font-family: Calibri, serif\"> <i>Th\u00e9o Le Terrier, Marie Babel, Vincent Drevelle<\/i> <\/span><\/p>\r\n<\/td>\r\n<\/tr>\r\n<tr>\r\n<td colspan=\"2\">\r\n<p class=\"western\" lang=\"en-EN\" align=\"justify\">Model Predictive Control for Autonomous Navigation of Smart Wheelchairs Using Ultra-wideband Sensors<\/p>\r\n<\/td>\r\n<\/tr>\r\n<tr>\r\n<td colspan=\"2\">&nbsp;<\/td>\r\n<\/tr>\r\n<tr>\r\n<td><b>15:15 &#8211; 15:35<\/b><\/td>\r\n<td>\r\n<p class=\"western\" lang=\"fr-FR\" align=\"justify\"><span lang=\"fr-FR\" style=\"font-family: Calibri, serif\"> <i>Mohamed Rayane Mokhtari<\/i> <\/span><\/p>\r\n<\/td>\r\n<\/tr>\r\n<tr>\r\n<td colspan=\"2\">\r\n<p class=\"western\" lang=\"fr-FR\" align=\"justify\">Surveillance de la Fatigue des Utilisateurs de Fauteuils Roulants \u00c9lectriques en Temps R\u00e9el<\/p>\r\n<\/td>\r\n<\/tr>\r\n<tr>\r\n<td colspan=\"2\">&nbsp;<\/td>\r\n<\/tr>\r\n<tr>\r\n<td><b>15:35 &#8211; 15:50<\/b><\/td>\r\n<td><i>Pause-caf\u00e9<\/i><\/td>\r\n<\/tr>\r\n<tr>\r\n<td colspan=\"2\">&nbsp;<\/td>\r\n<\/tr>\r\n<tr>\r\n<td colspan=\"2\">\r\n<h3 class=\"western\" lang=\"fr-FR\" align=\"justify\"><span style=\"font-family: Calibri, serif\"><span lang=\"fr-FR\"><b>Session 4 : Technologies d&rsquo;assistance pour les personnes avec TND<\/b><\/span><\/span><\/h3>\r\n<p class=\"western\" lang=\"fr-FR\" align=\"justify\"><span style=\"font-family: Calibri, serif\"><span lang=\"fr-FR\"><i>Mod\u00e9rateur : Julie Lang<\/i><\/span><\/span><\/p>\r\n<\/td>\r\n<\/tr>\r\n<tr>\r\n<td><b>15:50 &#8211; 16:10<\/b><\/td>\r\n<td>\r\n<p class=\"western\" lang=\"fr-FR\" align=\"justify\"><span lang=\"fr-FR\" style=\"font-family: Calibri, serif\"> <i>Massyl Touat, Julie Lang, Salvatore Anzalone<\/i> <\/span><\/p>\r\n<\/td>\r\n<\/tr>\r\n<tr>\r\n<td colspan=\"2\">\r\n<p class=\"western\" lang=\"fr-FR\" align=\"justify\">FacePal &#8211; un robot compagnon convivial pour les enfants atteint de troubles du neurod\u00e9veloppement<\/p>\r\n<\/td>\r\n<\/tr>\r\n<tr>\r\n<td colspan=\"2\">&nbsp;<\/td>\r\n<\/tr>\r\n<tr>\r\n<td><b>16:15 &#8211; 16:35<\/b><\/td>\r\n<td>\r\n<p class=\"western\" lang=\"fr-FR\" align=\"justify\"><span lang=\"fr-FR\" style=\"font-family: Calibri, serif\"> <i>Constance Bault, Sophie Lepreux, K\u00e1thia Mar\u00e7al de Oliveira, Christophe Kolski<\/i> <\/span><\/p>\r\n<\/td>\r\n<\/tr>\r\n<tr>\r\n<td colspan=\"2\">\r\n<p class=\"western\" lang=\"fr-FR\" align=\"justify\">Mobilit\u00e9 des personnes avec une d\u00e9ficience intellectuelle : vers l&rsquo;int\u00e9gration de la collaboration dans un syst\u00e8me d&rsquo;aide \u00e0 la navigation<\/p>\r\n<\/td>\r\n<\/tr>\r\n<tr>\r\n<td colspan=\"2\">&nbsp;<\/td>\r\n<\/tr>\r\n<tr>\r\n<td colspan=\"2\">\r\n<h3 class=\"western\" lang=\"fr-FR\" align=\"justify\"><span style=\"font-family: Calibri, serif\"><span lang=\"fr-FR\"><b>Session 5 : Co-conception<\/b><\/span><\/span><\/h3>\r\n<p class=\"western\" lang=\"fr-FR\" align=\"justify\"><span style=\"font-family: Calibri, serif\"><span lang=\"fr-FR\"><i>Mod\u00e9rateur : Guy Bourhis<\/i><\/span><\/span><\/p>\r\n<\/td>\r\n<\/tr>\r\n<tr>\r\n<td><b>16:40 &#8211; 17:00<\/b><\/td>\r\n<td>\r\n<p class=\"western\" lang=\"fr-FR\" align=\"justify\"><span lang=\"fr-FR\" style=\"font-family: Calibri, serif\"> <i>Eduardo Almeida, Angelina Dias Le\u00e3o Costa, Guillaume Thomann<\/i> <\/span><\/p>\r\n<\/td>\r\n<\/tr>\r\n<tr>\r\n<td colspan=\"2\">\r\n<p class=\"western\" lang=\"fr-FR\" align=\"justify\">Marcher pour changer les perceptions : L&rsquo;approche participative transforme la perspective des jeunes chercheurs<\/p>\r\n<\/td>\r\n<\/tr>\r\n<tr>\r\n<td colspan=\"2\">&nbsp;<\/td>\r\n<\/tr>\r\n<tr>\r\n<td><b>17:05 &#8211; 17:25<\/b><\/td>\r\n<td>\r\n<p class=\"western\" lang=\"fr-FR\" align=\"justify\"><span lang=\"fr-FR\" style=\"font-family: Calibri, serif\"> <i>Sidonie Salom\u00e9, Emmanuel Monfort, Lydie Du Bousquet<\/i> <\/span><\/p>\r\n<\/td>\r\n<\/tr>\r\n<tr>\r\n<td colspan=\"2\">\r\n<p class=\"western\" lang=\"en-EN\" align=\"justify\">Virtual coaches for the older people: Evaluating the effects of their co-design<\/p>\r\n<\/td>\r\n<\/tr>\r\n<tr>\r\n<td colspan=\"2\">&nbsp;<\/td>\r\n<\/tr>\r\n<tr>\r\n<td><b>17:30 &#8211; 17:50<\/b><\/td>\r\n<td>\r\n<p class=\"western\" lang=\"fr-FR\" align=\"justify\"><span lang=\"fr-FR\" style=\"font-family: Calibri, serif\"> <i>Marie Th\u00e9r\u00e8se El Fakhry<\/i> <\/span><\/p>\r\n<\/td>\r\n<\/tr>\r\n<tr>\r\n<td colspan=\"2\">\r\n<p class=\"western\" lang=\"fr-FR\" align=\"justify\">Co-conception d&rsquo;outils num\u00e9riques : illustration parmi des apprenants en situation de handicap et leurs formateurs<\/p>\r\n<\/td>\r\n<\/tr>\r\n<tr>\r\n<td colspan=\"2\">&nbsp;<\/td>\r\n<\/tr>\r\n<tr>\r\n<td><b>17:55 &#8211; 18:05<\/b><\/td>\r\n<td><i>Remise du prix de th\u00e8se et fermeture du colloque :<\/i> G\u00e9rard Uzan, pr\u00e9sident de l&rsquo;IFRATH, et Guy Bourhis, pr\u00e9sident du comit\u00e9 scientifique<\/td>\r\n<\/tr>\r\n<\/tbody>\r\n<\/table>\r\n\r\n\r\n\r\n<p>T\u00e9l\u00e9chargez <a href=\"http:\/\/ifrath.fr\/jcjc2025\/wp-content\/uploads\/sites\/15\/2025\/05\/programme_jcjc25.pdf\">une version PDF du programme de JCJC 2025<\/a>.<\/p>\r\n","protected":false},"excerpt":{"rendered":"<p>Programme en version PDF : programme JCJC 2025 Format des pr\u00e9sentations : 15 minutes de pr\u00e9sentation orale (avec slides) suivies de 5 minutes de questions-r\u00e9ponses 9:00 &#8211; 9:40 Accueil \u2013 Caf\u00e9 &nbsp; 9:40 &#8211; 9:50 Ouverture du colloque : G\u00e9rard Uzan, pr\u00e9sident de l&rsquo;IFRATH, et Guy Bourhis, pr\u00e9sident du comit\u00e9 scientifique &nbsp; Session invit\u00e9 1 &hellip; <\/p>\n<p><a class=\"more-link btn\" href=\"https:\/\/ifrath.fr\/jcjc2025\/programme\/\">Lire la suite<\/a><\/p>\n","protected":false},"author":23,"featured_media":0,"parent":0,"menu_order":0,"comment_status":"closed","ping_status":"closed","template":"","meta":{"ngg_post_thumbnail":0,"footnotes":""},"class_list":["post-29","page","type-page","status-publish","hentry","nodate","item-wrap"],"_links":{"self":[{"href":"https:\/\/ifrath.fr\/jcjc2025\/wp-json\/wp\/v2\/pages\/29","targetHints":{"allow":["GET"]}}],"collection":[{"href":"https:\/\/ifrath.fr\/jcjc2025\/wp-json\/wp\/v2\/pages"}],"about":[{"href":"https:\/\/ifrath.fr\/jcjc2025\/wp-json\/wp\/v2\/types\/page"}],"author":[{"embeddable":true,"href":"https:\/\/ifrath.fr\/jcjc2025\/wp-json\/wp\/v2\/users\/23"}],"replies":[{"embeddable":true,"href":"https:\/\/ifrath.fr\/jcjc2025\/wp-json\/wp\/v2\/comments?post=29"}],"version-history":[{"count":39,"href":"https:\/\/ifrath.fr\/jcjc2025\/wp-json\/wp\/v2\/pages\/29\/revisions"}],"predecessor-version":[{"id":273,"href":"https:\/\/ifrath.fr\/jcjc2025\/wp-json\/wp\/v2\/pages\/29\/revisions\/273"}],"wp:attachment":[{"href":"https:\/\/ifrath.fr\/jcjc2025\/wp-json\/wp\/v2\/media?parent=29"}],"curies":[{"name":"wp","href":"https:\/\/api.w.org\/{rel}","templated":true}]}}