{"id":37,"date":"2019-09-20T08:21:50","date_gmt":"2019-09-20T06:21:50","guid":{"rendered":"http:\/\/ifrath.fr\/handicap2020\/?page_id=37"},"modified":"2020-11-06T17:17:06","modified_gmt":"2020-11-06T16:17:06","slug":"comites","status":"publish","type":"page","link":"https:\/\/ifrath.fr\/handicap2020\/comites\/","title":{"rendered":"Comit\u00e9s"},"content":{"rendered":"\n<h2 class=\"wp-block-heading\">Comit\u00e9 \u00e9ditorial (CE)<\/h2>\n\n\n\n<p><strong>Pr\u00e9sident :&nbsp;G\u00e9rard Uzan (Universit\u00e9 Paris 8)<\/strong><\/p>\n\n\n\n<ul class=\"wp-block-list\"><li>Dominique Archambault (Universit\u00e9 Paris 8)<\/li><li>Fr\u00e9deric Bousefsaf (Universit\u00e9 de Lorraine)<\/li><li>Jaime Lopez-Krahe (Universit\u00e9 Paris 8)<\/li><li>Yann Mor\u00e8re (Universit\u00e9 de Lorraine)<\/li><li>Antonio Pinti (Universit\u00e9 Valenciennes)<\/li><li>G\u00e9rard Uzan (Universit\u00e9 Paris 8)<\/li><\/ul>\n\n\n\n<h2 class=\"wp-block-heading\">Comit\u00e9 d\u2019organisation (CO)<\/h2>\n\n\n\n<p><strong>Pr\u00e9sidente : C\u00e9line Jost&nbsp;(Universit\u00e9&nbsp;Paris 8)<\/strong><\/p>\n\n\n\n<ul class=\"wp-block-list\"><li>Salvatore Anzalone (Universit\u00e9 Paris 8)<\/li><li>Dominique Archambault (Universit\u00e9 Paris 8)<\/li><li> Christian Berger Vachon (Universit\u00e9 Lyon I) <\/li><li>Johana Bodard (Universit\u00e9 Paris 8) <\/li><li>Fr\u00e9d\u00e9ric Bousefsaf (Universit\u00e9 de Lorraine)<\/li><li>Cl\u00e9mence Chassan (Universit\u00e9 Paris 8) <\/li><li>Susana Herrera (Universit\u00e9 Nationale de Santiago del Estero)<\/li><li>Yann Mor\u00e8re (Universit\u00e9 de Lorraine)<\/li><li>Subha Peroumal (Universit\u00e9 Paris 8) <\/li><li>Anis Rojbi (Universit\u00e9 Paris 8) <\/li><li>Isis Truck (Universit\u00e9 Paris 8) <\/li><li>G\u00e9rard Uzan (Universit\u00e9 Paris 8) <\/li><\/ul>\n\n\n\n<p><\/p>\n\n\n\n<h2 class=\"wp-block-heading\">Comit\u00e9 scientifique (CS)<\/h2>\n\n\n\n<p><strong>Pr\u00e9sident :&nbsp;G\u00e9rard Uzan (Universit\u00e9 Paris 8)<\/strong><\/p>\n\n\n<ul>\n<li>Salvatore Anzalone (Universit\u00e9 Paris 8)<\/li>\n<li>Farah Arab (Universit\u00e9 Paris 8)<\/li>\n<li>Dominique Archambault (EA 4004 \u2013 CHArt Universit\u00e9 Paris 8)<\/li>\n<li>Christian Berger Vachon (Universit\u00e9 Lyon I)<\/li>\n<li>Giuseppe Boccignone (University of Milan)<\/li>\n<li>St\u00e9phanie Borel (APHP)<\/li>\n<li>Guy Bourhis (LCOMS, Universit\u00e9 de Lorraine)<\/li>\n<li>Fr\u00e9d\u00e9ric Bousefsaf (CEA)<\/li>\n<li>Fran\u00e7ois Cabestaing (Universit\u00e9 Lille 1)<\/li>\n<li>Aur\u00e9lie Clodic (LAAS-CNRS)<\/li>\n<li>Donatello Conte (Computer science Laboratory (LIFAT EA 6300), Tours)<\/li>\n<li>Jerome Dupire (CNAM \u2013 CEDRIC)<\/li>\n<li>Beno\u00eet Encelle (Universit\u00e9 de Lyon, CNRS Universit\u00e9 Lyon 1, LIRIS, UMR5205, F-69622, France)<\/li>\n<li>Jan Engelen (Katholieke Universiteit Leuven)<\/li>\n<li>Karine Gros (Universit\u00e9 Paris Est Cr\u00e9teil)<\/li>\n<li>Olivier Habert (LCOMS, Universit\u00e9 de Lorraine)<\/li>\n<li>Odile Horn (LCOMS, Universit\u00e9 de Lorraine)<\/li>\n<li>Celine Jost (Universit\u00e9 Paris 8 &#8211; Laboratoire CHArt)<\/li>\n<li>Christophe Jouffrais (CNRS &amp; Univ Toulouse \u2013 IRIT)<\/li>\n<li>Brigitte Le Pevedic (Universit\u00e9 de Bretagne-Sud)<\/li>\n<li>Jacqueline Leybaert (Universit\u00e9 libre de Bruxelles)<\/li>\n<li>Jaime Lopez-Krahe (Universit\u00e9 Paris 8)<\/li>\n<li>Vincent Meyer (Universit\u00e9 Nice Sophia Antipolis)<\/li>\n<li>Alain Mille (LIRIS UMR CNRS 5205)<\/li>\n<li>Eric Monacelli (LISV)<\/li>\n<li>Nicolas Monmarch\u00e9 (University Fran\u00e7ois Rabelais of Tours)<\/li>\n<li>Yann Mor\u00e8re (LCOMS, Universit\u00e9 de Lorraine)<\/li>\n<li>Bernard Oriola (IRIT-CNRS UMR505)<\/li>\n<li>Pierre Pino (LCOMS, Universit\u00e9 de Lorraine)<\/li>\n<li>Antonio Pinti (I3MTO Orl\u00e9ans)<\/li>\n<li>Edwige Pissaloux (Sorbonne University \/U. Rouen)<\/li>\n<li>Philippe Pudlo (LAMIH UMR CNRS 8201 UHF)<\/li>\n<li>Alain Pruski (LCOMS, Universit\u00e9 de Lorraine)<\/li>\n<li>Mathieu Raynal (IRIT &#8211; University of Toulouse)<\/li>\n<li>Anis Rojbi (Universit\u00e9 Paris 8 &#8211; Laboratoire CHArt EA 4004)<\/li>\n<li>Jack Sagot (Laboratoire CHArt 4004)<\/li>\n<li>Anne-Catherine Scherlen (Essilor)<\/li>\n<li>Karim Sehaba (LIRIS &#8211; Universit\u00e9 Lumi\u00e8re Lyon 2)<\/li>\n<li>Mohamed Slimane (Universite de Tours)<\/li>\n<li>Guillaume Thomann (Grenoble INP)<\/li>\n<li>Isis Truck (Universit\u00e9 Paris 8 &#8211; CHArt EA 4004)<\/li>\n<\/ul>","protected":false},"excerpt":{"rendered":"<p>Comit\u00e9 \u00e9ditorial (CE) Pr\u00e9sident :&nbsp;G\u00e9rard Uzan (Universit\u00e9 Paris 8) Dominique Archambault (Universit\u00e9 Paris 8) Fr\u00e9deric Bousefsaf (Universit\u00e9 de Lorraine) Jaime Lopez-Krahe (Universit\u00e9 Paris 8) Yann Mor\u00e8re (Universit\u00e9 de Lorraine) Antonio Pinti (Universit\u00e9 Valenciennes) G\u00e9rard Uzan (Universit\u00e9 Paris 8) Comit\u00e9 d\u2019organisation (CO) Pr\u00e9sidente : C\u00e9line Jost&nbsp;(Universit\u00e9&nbsp;Paris 8) Salvatore Anzalone (Universit\u00e9 Paris 8) Dominique Archambault (Universit\u00e9 Paris &hellip; <\/p>\n<p><a class=\"more-link btn\" href=\"https:\/\/ifrath.fr\/handicap2020\/comites\/\">Lire la suite<\/a><\/p>\n","protected":false},"author":11,"featured_media":0,"parent":0,"menu_order":0,"comment_status":"closed","ping_status":"closed","template":"","meta":{"ngg_post_thumbnail":0,"footnotes":""},"class_list":["post-37","page","type-page","status-publish","hentry","nodate","item-wrap"],"_links":{"self":[{"href":"https:\/\/ifrath.fr\/handicap2020\/wp-json\/wp\/v2\/pages\/37","targetHints":{"allow":["GET"]}}],"collection":[{"href":"https:\/\/ifrath.fr\/handicap2020\/wp-json\/wp\/v2\/pages"}],"about":[{"href":"https:\/\/ifrath.fr\/handicap2020\/wp-json\/wp\/v2\/types\/page"}],"author":[{"embeddable":true,"href":"https:\/\/ifrath.fr\/handicap2020\/wp-json\/wp\/v2\/users\/11"}],"replies":[{"embeddable":true,"href":"https:\/\/ifrath.fr\/handicap2020\/wp-json\/wp\/v2\/comments?post=37"}],"version-history":[{"count":17,"href":"https:\/\/ifrath.fr\/handicap2020\/wp-json\/wp\/v2\/pages\/37\/revisions"}],"predecessor-version":[{"id":299,"href":"https:\/\/ifrath.fr\/handicap2020\/wp-json\/wp\/v2\/pages\/37\/revisions\/299"}],"wp:attachment":[{"href":"https:\/\/ifrath.fr\/handicap2020\/wp-json\/wp\/v2\/media?parent=37"}],"curies":[{"name":"wp","href":"https:\/\/api.w.org\/{rel}","templated":true}]}}