{"id":23,"date":"2019-09-12T16:23:51","date_gmt":"2019-09-12T14:23:51","guid":{"rendered":"http:\/\/ifrath.fr\/handicap2020\/?page_id=23"},"modified":"2020-10-30T13:37:37","modified_gmt":"2020-10-30T12:37:37","slug":"accueil","status":"publish","type":"page","link":"https:\/\/ifrath.fr\/handicap2020\/","title":{"rendered":"Accueil"},"content":{"rendered":"\n<p><strong>Annonce du 30\/10\/2020<\/strong> : La conf\u00e9rence Handicap 2020 passe en distanciel \u00e0 100%. L&rsquo;inscription reste obligatoire pour pouvoir y participer. Plus d&rsquo;informations \u00e0 venir bient\u00f4t (notamment sur le nouveau tarif d&rsquo;inscription).<\/p>\n\n\n\n<p class=\"has-text-align-center\"><s><strong>Nouveau<\/strong> : le d\u00eener de gala devient un d\u00e9jeuner de gala le vendredi 6 novembre au restaurant <a href=\"https:\/\/www.restaurant-lile.com\/\">L&rsquo;\u00eele<\/a>.<\/s><\/p>\n\n\n\n<p class=\"has-text-align-center\">Suivez-nous sur Twitter : <a href=\"https:\/\/twitter.com\/ifrathasso\">@ifrathasso<\/a> !<\/p>\n\n\n\n<p class=\"has-text-align-center\"><strong><s>Du 10 au 12 juin 2020 \u00e0 l&rsquo;h\u00f4tel Mercure de la Porte de Versailles<\/s><\/strong><\/p>\n\n\n\n<p class=\"has-text-align-center\"><strong>Conf\u00e9rence report\u00e9e au 4-6 novembre 2020<\/strong> <strong>&#8211; en distanciel<\/strong><\/p>\n\n\n\n<p><a href=\"https:\/\/ifrath.fr\/handicap2020\/\">Handicap 2020<\/a>&nbsp;est la 11\u00e8me \u00e9dition de la conf\u00e9rence francophone bisannuelle organis\u00e9e par l&rsquo;Universit\u00e9 Paris 8 et l\u2019<a href=\"https:\/\/ifrath.fr\/\">IFRATH<\/a>&nbsp;\u00e0 Paris, en parall\u00e8le avec le salon <a href=\"http:\/\/www.autonomic-expo.com\/\">Autonomic<\/a>&nbsp;. L\u2019IFRATH est une soci\u00e9t\u00e9 savante qui rassemble des chercheurs, des utilisateurs et des industriels ayant d\u00e9cid\u00e9 de mettre en commun leurs comp\u00e9tences afin de favoriser l\u2019avancement des recherches sur les technologies d\u2019assistance.<\/p>\n\n\n\n<p>Depuis la premi\u00e8re conf\u00e9rence, Handicap 2000, la d\u00e9finition du Handicap a \u00e9volu\u00e9. On est pass\u00e9 de la notion de \u00abpersonne handicap\u00e9e\u00bb \u00e0 celle de \u00abpersonne en situation de handicap\u00bb, ce qui red\u00e9finit le handicap comme le r\u00e9sultat d\u2019une interaction entre les d\u00e9ficiences et leurs cons\u00e9quences, les facteurs personnels et les facteurs environnementaux (voir la <a href=\"https:\/\/apps.who.int\/iris\/bitstream\/handle\/10665\/42418\/9242545422_fre.pdf\">Classification Internationale du Fonctionnement, du Handicap, et de la sant\u00e9 de l\u2019OMS<\/a>&nbsp;). Cette formulation est plus qu\u2019une \u00e9volution s\u00e9mantique : l\u2019autonomie et la qualit\u00e9 de vie de la personne sont au centre de la r\u00e9flexion qui doit absolument prendre en compte les barri\u00e8res impos\u00e9es par l\u2019environnement et la soci\u00e9t\u00e9. Il est important de r\u00e9aliser que les trois grands domaines de la recherche (Sciences et Technologies de l\u2019Information et de la Communication, Sciences de la Vie, Sciences Humaines et Sociales) mais aussi, et de plus en plus, le domaine de l\u2019ing\u00e9nierie sont convoqu\u00e9s par cette recherche. La pluridisciplinarit\u00e9 et l\u2019interdisciplinarit\u00e9 sont les ma\u00eetre-mots de l\u2019IFRATH, mais aussi de la conf\u00e9rence Handicap qu\u2019elle organise.<\/p>\n\n\n\n<p>Ainsi Handicap 2020 se veut un lieu d\u2019\u00e9changes permettant d\u2019aborder l\u2019autonomie et la qualit\u00e9 de vie des personnes en situation de handicap gr\u00e2ce \u00e0 des contributions diverses : technologiques, psychologiques et sociologiques. La conf\u00e9rence doit permettre d\u2019\u00e9changer des connaissances et d\u2019initier des collaborations entre ces diff\u00e9rents secteurs disciplinaires. L\u2019ambition de la conf\u00e9rence Handicap est de se positionner comme la r\u00e9f\u00e9rence des conf\u00e9rences francophones de ce secteur et de conforter ainsi son r\u00f4le f\u00e9d\u00e9rateur avec le souci constant de travailler dans l\u2019int\u00e9r\u00eat des personnes en situation de handicap.<\/p>\n\n\n\n<p>T\u00e9l\u00e9chargez l&rsquo;appel \u00e0 communication : <a href=\"https:\/\/ifrath.fr\/handicap2020\/wp-content\/uploads\/sites\/10\/2020\/02\/H2020CallForPapers.pdf\">cliquez ici pour r\u00e9cup\u00e9rer le PDF<\/a><\/p>\n","protected":false},"excerpt":{"rendered":"<p>Annonce du 30\/10\/2020 : La conf\u00e9rence Handicap 2020 passe en distanciel \u00e0 100%. L&rsquo;inscription reste obligatoire pour pouvoir y participer. Plus d&rsquo;informations \u00e0 venir bient\u00f4t (notamment sur le nouveau tarif d&rsquo;inscription). Nouveau : le d\u00eener de gala devient un d\u00e9jeuner de gala le vendredi 6 novembre au restaurant L&rsquo;\u00eele. Suivez-nous sur Twitter : @ifrathasso ! &hellip; <\/p>\n<p><a class=\"more-link btn\" href=\"https:\/\/ifrath.fr\/handicap2020\/\">Lire la suite<\/a><\/p>\n","protected":false},"author":11,"featured_media":0,"parent":0,"menu_order":0,"comment_status":"closed","ping_status":"closed","template":"","meta":{"ngg_post_thumbnail":0,"footnotes":""},"class_list":["post-23","page","type-page","status-publish","hentry","nodate","item-wrap"],"_links":{"self":[{"href":"https:\/\/ifrath.fr\/handicap2020\/wp-json\/wp\/v2\/pages\/23","targetHints":{"allow":["GET"]}}],"collection":[{"href":"https:\/\/ifrath.fr\/handicap2020\/wp-json\/wp\/v2\/pages"}],"about":[{"href":"https:\/\/ifrath.fr\/handicap2020\/wp-json\/wp\/v2\/types\/page"}],"author":[{"embeddable":true,"href":"https:\/\/ifrath.fr\/handicap2020\/wp-json\/wp\/v2\/users\/11"}],"replies":[{"embeddable":true,"href":"https:\/\/ifrath.fr\/handicap2020\/wp-json\/wp\/v2\/comments?post=23"}],"version-history":[{"count":15,"href":"https:\/\/ifrath.fr\/handicap2020\/wp-json\/wp\/v2\/pages\/23\/revisions"}],"predecessor-version":[{"id":278,"href":"https:\/\/ifrath.fr\/handicap2020\/wp-json\/wp\/v2\/pages\/23\/revisions\/278"}],"wp:attachment":[{"href":"https:\/\/ifrath.fr\/handicap2020\/wp-json\/wp\/v2\/media?parent=23"}],"curies":[{"name":"wp","href":"https:\/\/api.w.org\/{rel}","templated":true}]}}