{"id":38,"date":"2021-07-02T15:33:51","date_gmt":"2021-07-02T13:33:51","guid":{"rendered":"https:\/\/ifrath.fr\/adele-team\/?page_id=38"},"modified":"2025-05-23T14:55:11","modified_gmt":"2025-05-23T12:55:11","slug":"mentions-legales","status":"publish","type":"page","link":"https:\/\/ifrath.fr\/adele-team\/mentions-legales\/","title":{"rendered":"Mentions l\u00e9gales"},"content":{"rendered":"<p>&nbsp;<br \/>\n&nbsp;<br \/>\n&nbsp;<br \/>\n&nbsp;<\/p>\n<hr align=\"center\" size=\"2\" width=\"50%\">\n<p>&nbsp;<\/p>\n<h4 class=\"text-center\" style=\"text-align: center\"><span style=\"color: #000000;font-size: 24pt\">Mentions l\u00e9gales<\/span><\/h4>\n<p style=\"text-align: center\"><span style=\"color: #000000\">THIM est l&rsquo;\u00e9quipe Technologies Handicaps Interfaces et Multimodalit\u00e9s de l&rsquo;unit\u00e9 EA 4004 CHArt (Cognition Humaine et Artificielle) de l&rsquo;universit\u00e9 Paris 8. <strong>ADELE-TEAM<\/strong> est une marque d\u00e9pos\u00e9e par l&rsquo;universit\u00e9 Paris 8.<\/span><\/p>\n<p>&nbsp;<\/p>\n<div class=\"col-xs-12 col-sm-6\">\n<h4 style=\"text-align: left\"><span style=\"color: #000000\">Auteurs d&rsquo;ADELE-TEAM<\/span><\/h4>\n<ul>\n<li><span style=\"color: #000000\">Farah Arab<\/span><\/li>\n<li><span style=\"color: #000000\">Johana Bodard<\/span><\/li>\n<li><span style=\"color: #000000\">Jack Sagot<\/span><\/li>\n<li><span style=\"color: #000000\">G\u00e9rard Uzan<\/span><\/li>\n<li><span style=\"color: #000000\">Jaime Lopez-Krahe<\/span><\/li>\n<li><span style=\"color: #000000\">M&rsquo;Ballo Seck<\/span><\/li>\n<li><span style=\"color: #000000\">Mohammed Hanine<\/span><\/li>\n<li><span style=\"color: #000000\">Josephina Lahmani<\/span><\/li>\n<li><span style=\"color: #000000\">Anthony Phrakornkam<\/span><\/li>\n<\/ul>\n<p>&nbsp;<\/p>\n<\/div>\n<div class=\"col-xs-12 col-sm-6\">\n<h4 style=\"text-align: left\"><span style=\"color: #000000\">\u00a9 Universit\u00e9 Paris 8 &#8211; CHArt-THIM<\/span><\/h4>\n<ul>\n<li style=\"text-align: left\"><span style=\"color: #000000\">Universit\u00e9 Paris 8<\/span><br \/>\n<span style=\"color: #000000\">2 rue de la Libert\u00e9<\/span><br \/>\n<span style=\"color: #000000\">93526 Saint-Denis<\/span><\/li>\n<\/ul>\n<\/div>\n<p>&nbsp;<br \/>\n&nbsp;<br \/>\n&nbsp;<br \/>\n&nbsp;<br \/>\n&nbsp;<br \/>\n&nbsp;<\/p>\n<p style=\"text-align: center\"><a href=\"\/adele-team\/\"><button class=\"button\">Retour \u00e0 l&rsquo;accueil<\/button><\/a><\/p>\n","protected":false},"excerpt":{"rendered":"<p>&nbsp; &nbsp; &nbsp; &nbsp; &nbsp; Mentions l\u00e9gales THIM est l&rsquo;\u00e9quipe Technologies Handicaps Interfaces et Multimodalit\u00e9s de l&rsquo;unit\u00e9 EA 4004 CHArt (Cognition Humaine et Artificielle) de l&rsquo;universit\u00e9 Paris 8. ADELE-TEAM est une marque d\u00e9pos\u00e9e par l&rsquo;universit\u00e9 Paris 8. &nbsp; Auteurs d&rsquo;ADELE-TEAM Farah Arab Johana Bodard Jack Sagot G\u00e9rard Uzan Jaime Lopez-Krahe M&rsquo;Ballo Seck Mohammed Hanine Josephina&hellip; <br \/> <a class=\"button small blue\" href=\"https:\/\/ifrath.fr\/adele-team\/mentions-legales\/\">Lire la suite<\/a><\/p>\n","protected":false},"author":31,"featured_media":0,"parent":0,"menu_order":0,"comment_status":"closed","ping_status":"closed","template":"","meta":{"ngg_post_thumbnail":0,"footnotes":""},"class_list":["post-38","page","type-page","status-publish","hentry"],"_links":{"self":[{"href":"https:\/\/ifrath.fr\/adele-team\/wp-json\/wp\/v2\/pages\/38","targetHints":{"allow":["GET"]}}],"collection":[{"href":"https:\/\/ifrath.fr\/adele-team\/wp-json\/wp\/v2\/pages"}],"about":[{"href":"https:\/\/ifrath.fr\/adele-team\/wp-json\/wp\/v2\/types\/page"}],"author":[{"embeddable":true,"href":"https:\/\/ifrath.fr\/adele-team\/wp-json\/wp\/v2\/users\/31"}],"replies":[{"embeddable":true,"href":"https:\/\/ifrath.fr\/adele-team\/wp-json\/wp\/v2\/comments?post=38"}],"version-history":[{"count":36,"href":"https:\/\/ifrath.fr\/adele-team\/wp-json\/wp\/v2\/pages\/38\/revisions"}],"predecessor-version":[{"id":755,"href":"https:\/\/ifrath.fr\/adele-team\/wp-json\/wp\/v2\/pages\/38\/revisions\/755"}],"wp:attachment":[{"href":"https:\/\/ifrath.fr\/adele-team\/wp-json\/wp\/v2\/media?parent=38"}],"curies":[{"name":"wp","href":"https:\/\/api.w.org\/{rel}","templated":true}]}}